{"id":205,"date":"2025-07-31T01:20:25","date_gmt":"2025-07-31T01:20:25","guid":{"rendered":"https:\/\/bna.edu.mx\/facultadderecho\/?page_id=205"},"modified":"2025-07-31T01:20:25","modified_gmt":"2025-07-31T01:20:25","slug":"aviso-de-privacidad-bna-barra-nacional-de-abogados","status":"publish","type":"page","link":"https:\/\/bna.edu.mx\/facultadderecho\/aviso-de-privacidad-bna-barra-nacional-de-abogados\/","title":{"rendered":"Aviso de privacidad | BNA &#8211; Barra Nacional de Abogados"},"content":{"rendered":"<div id=\"cs-content\" class=\"cs-content\"><div class=\"x-section e205-e1 m5p-0 m5p-1\"><div class=\"x-bg\" aria-hidden=\"true\"><div class=\"x-bg-layer-upper-color\"><\/div><\/div><div class=\"x-row e205-e2 m5p-3 m5p-4 m5p-6\"><div class=\"x-row-inner\"><div class=\"x-col e205-e3 m5p-8 m5p-9\"><div class=\"x-text x-text-headline e205-e4 m5p-a h-responsive h-custom-headline\"><div class=\"x-text-content\"><div class=\"x-text-content-text\"><h2 class=\"x-text-content-text-primary\"><span><span class=\"h-sup\">Aviso de <\/span><br>\n Privacidad<p><\/p>\n<hr><\/span><\/h2>\n<\/div><\/div><\/div><\/div><\/div><\/div><\/div><div class=\"x-section e205-e5 m5p-0 m5p-2\"><div class=\"x-row x-container max width e205-e6 m5p-4 m5p-5 m5p-7\"><div class=\"x-row-inner\"><div class=\"x-col e205-e7 m5p-8\"><div class=\"x-text x-content e205-e8 m5p-b\"><p>Aviso de privacidad<\/p>\n<p><br \/>Presencial<\/p>\n<p>Facultad de Derecho de la Barra Nacional de Abogados, S.C., con domicilio en Calzada de los Leones No. 144, Colonia Los Alpes, Delegaci&oacute;n &Aacute;lvaro Obreg&oacute;n, C&oacute;digo Postal 01010, Ciudad de M&eacute;xico, responsable de recabar sus datos personales, del uso que se le d&eacute; a los mismos y de su protecci&oacute;n, de conformidad con lo dispuesto en la Ley Federal de Protecci&oacute;n de Datos Personales en Posesi&oacute;n de los Particulares y dem&aacute;s normatividad que resulte aplicable, quien cuenta con todas las medidas de seguridad f&iacute;sicas, t&eacute;cnicas y administrativas adecuadas para proteger dichos datos.<\/p>\n<p>&iquest;Qu&eacute; datos personales se recaban y para qu&eacute; finalidad?<\/p>\n<p>Sus datos personales ser&aacute;n utilizados con las siguientes finalidades:<\/p>\n<p>En el caso espec&iacute;fico de los alumnos, su informaci&oacute;n se utilizar&aacute; &uacute;nicamente para registro con fines acad&eacute;micos, estad&iacute;sticos, administrativos y de seguridad; para validar la identidad y antecedentes escolares de cada uno de ellos, otorgar acceso a las instalaciones y registro de asistencia. De igual manera se podr&aacute; utilizar para promocionar la oferta educativa con la que cuenta la Facultad, as&iacute; como para evaluar la calidad en los servicios de la misma instituci&oacute;n.<\/p>\n<p>Asimismo, en todos los casos la finalidad del sistema de video vigilancia es garantizar la seguridad de alumnos, aspirantes, egresados, catedr&aacute;ticos, empleados y todas aquellas personas que transitan y visitan las instalaciones de la Facultad de Derecho de la Barra Nacional de Abogados, S.C.<\/p>\n<p>Para las finalidades antes mencionadas y seg&uacute;n sea el caso, la Facultad de Derecho de la Barra Nacional de Abogados, S.C., dar&aacute; tratamiento a la siguiente informaci&oacute;n y datos personales, a saber:<\/p>\n<p>Nombre y apellidos, edad, sexo, CURP, estado civil, domicilio, direcci&oacute;n de correo electr&oacute;nico, n&uacute;mero telef&oacute;nico particular, celular y de trabajo, certificado de educaci&oacute;n media superior, t&iacute;tulo y\/o grado (seg&uacute;n sea el caso) y tipo de estudios realizados, n&uacute;mero de c&eacute;dula profesional y\/o de grado en su caso, nombre de la instituci&oacute;n acad&eacute;mica de procedencia, datos laborales, cuenta (s) de redes sociales, n&uacute;mero de cuenta bancaria y\/o de tarjeta de cr&eacute;dito para el caso del servicio de domiciliaci&oacute;n de pagos, RFC, dastos para facturaci&oacute;n, nombre de los padres o tutores, as&iacute; como nombre de una persona de confianza a quien llamarle en caso de emergencia y sus datos de localizaci&oacute;n, fotograf&iacute;as e im&aacute;genes captadas por c&aacute;maras de video vigilancia, entre otros.<\/p>\n<p>Adicionalmente, para las finalidades antes mencionadas y seg&uacute;n sea el caso de cada uno de los supuestos se&ntilde;alados, la Facultad de Derecho de la Barra Nacional de Abogados, S.C., requiere dar tratamiento a los siguientes datos personales de car&aacute;cter sensible:<\/p>\n<p>Tipo de sangre, alergias, si padece alguna enfermedad o se encuentra bajo tratamiento m&eacute;dico alguno que requiera cuidado especial, huellas dactilares e imagen tridimesional de la palma de la mano.<\/p>\n<p>Transferencia de datos personales<\/p>\n<p>De igual forma, informamos al usuario que la Facultad de Derecho de la Barra Nacional de Abogados, S.C., no transferir&aacute; en forma alguna a terceros los datos personales. Lo anterior, sin perjuicio de las remisiones de datos que la Facultad hace hacia su interior o con terceros a las respectivas &aacute;reas que le apoyan en cuestiones de manejo, administraci&oacute;n y almacenamiento de bases de datos, registro estad&iacute;stico, recursos humanos, atenci&oacute;n a alumnos y seguimiento a egresados y\/o aspirantes, as&iacute; como a las propias autoridades educativas, fiscales, laborales y\/o de seguridad social federales y\/o locales.<\/p>\n<p>&iquest;D&oacute;nde se pueden ejercer los derechos de acceso, rectificaci&oacute;n, cancelaci&oacute;n u oposici&oacute;n de datos personales (derechos ARCO)?<\/p>\n<p>El alumno tiene derecho de acceder, rectificar y cancelar sus datos personales, as&iacute; como de oponerse al tratamiento de los mismos o revocar el consentimiento que para tal fin nos haya otorgado, mediante comunicaci&oacute;n escrita, se&ntilde;alando el nombre del titular y domicilio u otro medio para comunicarle la respuesta a su solicitud, documentaci&oacute;n que acredite su identidad o en su caso, la representaci&oacute;n legal del titular de los datos, la descripci&oacute;n clara y precisa de los datos personales respecto de los que se busca ejercer alguno de los derechos antes mencionados, los elementos y\/o documentos que faciliten la localizaci&oacute;n de los datos personales, y los requisitos previstos para el ejercicio de los derechos establecidos en la Ley Federal de Protecci&oacute;n de Datos Personales en Posesi&oacute;n de los Particulares y su respectivo Reglamento.<\/p>\n<p>Dicha comunicaci&oacute;n deber&aacute; estar dirigida a la Unidad de Protecci&oacute;n de Datos de la Facultad de Derecho de la Barra Nacional de Abogados, S.C., el cual podr&aacute; entregarse en el domicilio ubicado en Calzada de los Leones No. 144, Colonia Los Alpes, Delegaci&oacute;n &Aacute;lvaro Obreg&oacute;n, C&oacute;digo Postal 01010, Ciudad de M&eacute;xico, o enviarse al correo electr&oacute;nico: datospersonales@bna.org.mx<\/p>\n<p>Opciones y medios para limitar el uso o divulgaci&oacute;n de los datos personales<\/p>\n<p>Usted puede limitar el uso o divulgaci&oacute;n de sus datos personales, as&iacute; como dejar de recibir mensajes promocionales de nuestra parte a trav&eacute;s de los siguientes medios:<\/p>\n<p>Presentando una solicitud por escrito dirigida al &aacute;rea de Relaciones Institucionales de la Facultad de Derecho de la Barra Nacional de Abogados, S.C., la cual podr&aacute; entregarse en el domicilio ubicado en Calzada de los Leones No. 144, Colonia Los Alpes, Delegaci&oacute;n &Aacute;lvaro Obreg&oacute;n, C&oacute;digo Postal 01010, Ciudad de M&eacute;xico.<\/p>\n<p>Enviando un correo dirigido a la H Junta de Gobierno de la Facultad de Derecho de la Barra Nacional Abogados a la cuenta de correo electr&oacute;nico: datospersonales@bna.org.mx<\/p>\n<p>Cambios al aviso de privacidad<\/p>\n<p>Cualquier modificaci&oacute;n al presente aviso de privacidad ser&aacute; debidamente informado por la Facultad de Derecho de la Barra Nacional de Abogados, S.C., a trav&eacute;s de los medios f&iacute;sicos donde se encuentra publicado dicho aviso en sus instalaciones.<\/p><\/div><\/div><\/div><\/div><\/div><\/div>\n","protected":false},"excerpt":{"rendered":"<p>Aviso de Privacidad Aviso de privacidad Presencial Facultad de Derecho de la Barra Nacional de Abogados, S.C., con domicilio en Calzada de los Leones No. 144, Colonia Los Alpes, Delegaci&oacute;n &Aacute;lvaro Obreg&oacute;n, C&oacute;digo Postal 01010, Ciudad de M&eacute;xico, responsable de recabar sus datos personales, del uso que se le d&eacute; a los mismos y de su protecci&oacute;n, de conformidad con &#8230; <a href=\"https:\/\/bna.edu.mx\/facultadderecho\/aviso-de-privacidad-bna-barra-nacional-de-abogados\/\" class=\"more-link\">Read More<\/a><\/p>\n","protected":false},"author":2,"featured_media":0,"parent":0,"menu_order":0,"comment_status":"closed","ping_status":"closed","template":"template-blank-4.php","meta":{"rs_blank_template":"","rs_page_bg_color":"","slide_template_v7":"","inline_featured_image":false,"footnotes":""},"class_list":["post-205","page","type-page","status-publish","hentry","no-post-thumbnail"],"yoast_head":"<!-- This site is optimized with the Yoast SEO Premium plugin v28.1 (Yoast SEO v28.1) - https:\/\/yoast.com\/product\/yoast-seo-premium-wordpress\/ -->\n<title>Aviso de privacidad | BNA - Barra Nacional de Abogados - BNA Barra Nacional de Abogados<\/title>\n<meta name=\"robots\" content=\"index, follow, max-snippet:-1, max-image-preview:large, max-video-preview:-1\" \/>\n<link rel=\"canonical\" href=\"https:\/\/bna.edu.mx\/facultadderecho\/aviso-de-privacidad-bna-barra-nacional-de-abogados\/\" \/>\n<meta property=\"og:locale\" content=\"es_ES\" \/>\n<meta property=\"og:type\" content=\"article\" \/>\n<meta property=\"og:title\" content=\"Aviso de privacidad | BNA - Barra Nacional de Abogados\" \/>\n<meta property=\"og:description\" content=\"Aviso de Privacidad Aviso de privacidad Presencial Facultad de Derecho de la Barra Nacional de Abogados, S.C., con domicilio en Calzada de los Leones No. 144, Colonia Los Alpes, Delegaci&oacute;n &Aacute;lvaro Obreg&oacute;n, C&oacute;digo Postal 01010, Ciudad de M&eacute;xico, responsable de recabar sus datos personales, del uso que se le d&eacute; a los mismos y de su protecci&oacute;n, de conformidad con ... Read More\" \/>\n<meta property=\"og:url\" content=\"https:\/\/bna.edu.mx\/facultadderecho\/aviso-de-privacidad-bna-barra-nacional-de-abogados\/\" \/>\n<meta property=\"og:site_name\" content=\"BNA Barra Nacional de Abogados\" \/>\n<meta property=\"article:publisher\" content=\"https:\/\/www.facebook.com\/FacultadDerechoBNAOficial\" \/>\n<meta name=\"twitter:card\" content=\"summary_large_image\" \/>\n<meta name=\"twitter:label1\" content=\"Tiempo de lectura\" \/>\n\t<meta name=\"twitter:data1\" content=\"6 minutos\" \/>\n<script type=\"application\/ld+json\" class=\"yoast-schema-graph\">{\"@context\":\"https:\\\/\\\/schema.org\",\"@graph\":[{\"@type\":\"WebPage\",\"@id\":\"https:\\\/\\\/bna.edu.mx\\\/facultadderecho\\\/aviso-de-privacidad-bna-barra-nacional-de-abogados\\\/\",\"url\":\"https:\\\/\\\/bna.edu.mx\\\/facultadderecho\\\/aviso-de-privacidad-bna-barra-nacional-de-abogados\\\/\",\"name\":\"Aviso de privacidad | BNA - Barra Nacional de Abogados - BNA Barra Nacional de Abogados\",\"isPartOf\":{\"@id\":\"https:\\\/\\\/bna.edu.mx\\\/facultadderecho\\\/#website\"},\"datePublished\":\"2025-07-31T01:20:25+00:00\",\"breadcrumb\":{\"@id\":\"https:\\\/\\\/bna.edu.mx\\\/facultadderecho\\\/aviso-de-privacidad-bna-barra-nacional-de-abogados\\\/#breadcrumb\"},\"inLanguage\":\"es\",\"potentialAction\":[{\"@type\":\"ReadAction\",\"target\":[\"https:\\\/\\\/bna.edu.mx\\\/facultadderecho\\\/aviso-de-privacidad-bna-barra-nacional-de-abogados\\\/\"]}]},{\"@type\":\"BreadcrumbList\",\"@id\":\"https:\\\/\\\/bna.edu.mx\\\/facultadderecho\\\/aviso-de-privacidad-bna-barra-nacional-de-abogados\\\/#breadcrumb\",\"itemListElement\":[{\"@type\":\"ListItem\",\"position\":1,\"name\":\"Portada\",\"item\":\"https:\\\/\\\/bna.edu.mx\\\/facultadderecho\\\/\"},{\"@type\":\"ListItem\",\"position\":2,\"name\":\"Aviso de privacidad | BNA &#8211; Barra Nacional de Abogados\"}]},{\"@type\":\"WebSite\",\"@id\":\"https:\\\/\\\/bna.edu.mx\\\/facultadderecho\\\/#website\",\"url\":\"https:\\\/\\\/bna.edu.mx\\\/facultadderecho\\\/\",\"name\":\"BNA Barra Nacional de Abogados\",\"description\":\"Facultad especializada en Derecho\",\"publisher\":{\"@id\":\"https:\\\/\\\/bna.edu.mx\\\/facultadderecho\\\/#organization\"},\"alternateName\":\"BNA Barra Nacional de Abogados\",\"potentialAction\":[{\"@type\":\"SearchAction\",\"target\":{\"@type\":\"EntryPoint\",\"urlTemplate\":\"https:\\\/\\\/bna.edu.mx\\\/facultadderecho\\\/?s={search_term_string}\"},\"query-input\":{\"@type\":\"PropertyValueSpecification\",\"valueRequired\":true,\"valueName\":\"search_term_string\"}}],\"inLanguage\":\"es\"},{\"@type\":\"Organization\",\"@id\":\"https:\\\/\\\/bna.edu.mx\\\/facultadderecho\\\/#organization\",\"name\":\"BNA Barra Nacional de Abogados\",\"alternateName\":\"BNA Barra Nacional de Abogados Facultad Especializada en Derecho Y NEGOCIOS\",\"url\":\"https:\\\/\\\/bna.edu.mx\\\/facultadderecho\\\/\",\"logo\":{\"@type\":\"ImageObject\",\"inLanguage\":\"es\",\"@id\":\"https:\\\/\\\/bna.edu.mx\\\/facultadderecho\\\/#\\\/schema\\\/logo\\\/image\\\/\",\"url\":\"https:\\\/\\\/bna.edu.mx\\\/facultadderecho\\\/wp-content\\\/uploads\\\/2026\\\/08\\\/bna.svg\",\"contentUrl\":\"https:\\\/\\\/bna.edu.mx\\\/facultadderecho\\\/wp-content\\\/uploads\\\/2026\\\/08\\\/bna.svg\",\"width\":\"1024\",\"height\":\"1024\",\"caption\":\"BNA Barra Nacional de Abogados\"},\"image\":{\"@id\":\"https:\\\/\\\/bna.edu.mx\\\/facultadderecho\\\/#\\\/schema\\\/logo\\\/image\\\/\"},\"sameAs\":[\"https:\\\/\\\/www.facebook.com\\\/FacultadDerechoBNAOficial\",\"https:\\\/\\\/www.linkedin.com\\\/company\\\/bnafacultad\\\/\",\"https:\\\/\\\/www.instagram.com\\\/bnacomunidad\"],\"description\":\"Estudia en la Barra Nacional de Abogados Obt\u00e9n conocimientos para tu formaci\u00f3n y desarrolla las habilidades para ser un l\u00edder en las distintas ramas del Derecho.\",\"email\":\"admisiones@bna.edu.mx\",\"telephone\":\"5555366869\"}]}<\/script>\n<!-- \/ Yoast SEO Premium plugin. -->","yoast_head_json":{"title":"Aviso de privacidad | BNA - Barra Nacional de Abogados - BNA Barra Nacional de Abogados","robots":{"index":"index","follow":"follow","max-snippet":"max-snippet:-1","max-image-preview":"max-image-preview:large","max-video-preview":"max-video-preview:-1"},"canonical":"https:\/\/bna.edu.mx\/facultadderecho\/aviso-de-privacidad-bna-barra-nacional-de-abogados\/","og_locale":"es_ES","og_type":"article","og_title":"Aviso de privacidad | BNA - Barra Nacional de Abogados","og_description":"Aviso de Privacidad Aviso de privacidad Presencial Facultad de Derecho de la Barra Nacional de Abogados, S.C., con domicilio en Calzada de los Leones No. 144, Colonia Los Alpes, Delegaci&oacute;n &Aacute;lvaro Obreg&oacute;n, C&oacute;digo Postal 01010, Ciudad de M&eacute;xico, responsable de recabar sus datos personales, del uso que se le d&eacute; a los mismos y de su protecci&oacute;n, de conformidad con ... Read More","og_url":"https:\/\/bna.edu.mx\/facultadderecho\/aviso-de-privacidad-bna-barra-nacional-de-abogados\/","og_site_name":"BNA Barra Nacional de Abogados","article_publisher":"https:\/\/www.facebook.com\/FacultadDerechoBNAOficial","twitter_card":"summary_large_image","twitter_misc":{"Tiempo de lectura":"6 minutos"},"schema":{"@context":"https:\/\/schema.org","@graph":[{"@type":"WebPage","@id":"https:\/\/bna.edu.mx\/facultadderecho\/aviso-de-privacidad-bna-barra-nacional-de-abogados\/","url":"https:\/\/bna.edu.mx\/facultadderecho\/aviso-de-privacidad-bna-barra-nacional-de-abogados\/","name":"Aviso de privacidad | BNA - Barra Nacional de Abogados - BNA Barra Nacional de Abogados","isPartOf":{"@id":"https:\/\/bna.edu.mx\/facultadderecho\/#website"},"datePublished":"2025-07-31T01:20:25+00:00","breadcrumb":{"@id":"https:\/\/bna.edu.mx\/facultadderecho\/aviso-de-privacidad-bna-barra-nacional-de-abogados\/#breadcrumb"},"inLanguage":"es","potentialAction":[{"@type":"ReadAction","target":["https:\/\/bna.edu.mx\/facultadderecho\/aviso-de-privacidad-bna-barra-nacional-de-abogados\/"]}]},{"@type":"BreadcrumbList","@id":"https:\/\/bna.edu.mx\/facultadderecho\/aviso-de-privacidad-bna-barra-nacional-de-abogados\/#breadcrumb","itemListElement":[{"@type":"ListItem","position":1,"name":"Portada","item":"https:\/\/bna.edu.mx\/facultadderecho\/"},{"@type":"ListItem","position":2,"name":"Aviso de privacidad | BNA &#8211; Barra Nacional de Abogados"}]},{"@type":"WebSite","@id":"https:\/\/bna.edu.mx\/facultadderecho\/#website","url":"https:\/\/bna.edu.mx\/facultadderecho\/","name":"BNA Barra Nacional de Abogados","description":"Facultad especializada en Derecho","publisher":{"@id":"https:\/\/bna.edu.mx\/facultadderecho\/#organization"},"alternateName":"BNA Barra Nacional de Abogados","potentialAction":[{"@type":"SearchAction","target":{"@type":"EntryPoint","urlTemplate":"https:\/\/bna.edu.mx\/facultadderecho\/?s={search_term_string}"},"query-input":{"@type":"PropertyValueSpecification","valueRequired":true,"valueName":"search_term_string"}}],"inLanguage":"es"},{"@type":"Organization","@id":"https:\/\/bna.edu.mx\/facultadderecho\/#organization","name":"BNA Barra Nacional de Abogados","alternateName":"BNA Barra Nacional de Abogados Facultad Especializada en Derecho Y NEGOCIOS","url":"https:\/\/bna.edu.mx\/facultadderecho\/","logo":{"@type":"ImageObject","inLanguage":"es","@id":"https:\/\/bna.edu.mx\/facultadderecho\/#\/schema\/logo\/image\/","url":"https:\/\/bna.edu.mx\/facultadderecho\/wp-content\/uploads\/2026\/08\/bna.svg","contentUrl":"https:\/\/bna.edu.mx\/facultadderecho\/wp-content\/uploads\/2026\/08\/bna.svg","width":"1024","height":"1024","caption":"BNA Barra Nacional de Abogados"},"image":{"@id":"https:\/\/bna.edu.mx\/facultadderecho\/#\/schema\/logo\/image\/"},"sameAs":["https:\/\/www.facebook.com\/FacultadDerechoBNAOficial","https:\/\/www.linkedin.com\/company\/bnafacultad\/","https:\/\/www.instagram.com\/bnacomunidad"],"description":"Estudia en la Barra Nacional de Abogados Obt\u00e9n conocimientos para tu formaci\u00f3n y desarrolla las habilidades para ser un l\u00edder en las distintas ramas del Derecho.","email":"admisiones@bna.edu.mx","telephone":"5555366869"}]}},"_links":{"self":[{"href":"https:\/\/bna.edu.mx\/facultadderecho\/wp-json\/wp\/v2\/pages\/205","targetHints":{"allow":["GET"]}}],"collection":[{"href":"https:\/\/bna.edu.mx\/facultadderecho\/wp-json\/wp\/v2\/pages"}],"about":[{"href":"https:\/\/bna.edu.mx\/facultadderecho\/wp-json\/wp\/v2\/types\/page"}],"author":[{"embeddable":true,"href":"https:\/\/bna.edu.mx\/facultadderecho\/wp-json\/wp\/v2\/users\/2"}],"replies":[{"embeddable":true,"href":"https:\/\/bna.edu.mx\/facultadderecho\/wp-json\/wp\/v2\/comments?post=205"}],"version-history":[{"count":3,"href":"https:\/\/bna.edu.mx\/facultadderecho\/wp-json\/wp\/v2\/pages\/205\/revisions"}],"predecessor-version":[{"id":208,"href":"https:\/\/bna.edu.mx\/facultadderecho\/wp-json\/wp\/v2\/pages\/205\/revisions\/208"}],"wp:attachment":[{"href":"https:\/\/bna.edu.mx\/facultadderecho\/wp-json\/wp\/v2\/media?parent=205"}],"curies":[{"name":"wp","href":"https:\/\/api.w.org\/{rel}","templated":true}]}}